{"id":1495,"date":"2024-12-01T19:31:21","date_gmt":"2024-12-01T22:31:21","guid":{"rendered":"https:\/\/www.apuaye.org.ar\/web\/?page_id=1495"},"modified":"2025-12-19T11:33:53","modified_gmt":"2025-12-19T14:33:53","slug":"revista-unica","status":"publish","type":"page","link":"https:\/\/www.apuaye.org.ar\/web\/revista-unica\/","title":{"rendered":"Revista \u00fanica"},"content":{"rendered":"<h1>REVISTA DE LA ASOCIACI\u00d3N DE PROFESIONALES UNIVERSITARIOS DEL AGUA Y LA ENERG\u00cdA EL\u00c9CTRICA<\/h1>\n<div class=\"twocolumns\">\n<p>La Revista \u00daNICA es el \u00f3rgano de difusi\u00f3n de APUAYE, que refleja desde sus comienzos la vida institucional y los objetivos de la Entidad.<\/p>\n<p>El primer n\u00famero de \u00daNICA aparece en julio de 1974. Su primer director fue el Dr. Guillermo Scartascini. Actualmente, esa funci\u00f3n est\u00e1 a cargo del Lic. Jorge A Olmedo.<\/p>\n<p>Esta publicaci\u00f3n, nacida por expresa necesidad de los profesionales universitarios de la empresa estatal Agua y Energ\u00eda El\u00e9ctrica nucleados en APUAYE, acompa\u00f1\u00f3 el suceso empresario producido a lo largo y ancho del pa\u00eds, con la prestaci\u00f3n del servicio el\u00e9ctrico y la realizaci\u00f3n de numerosas obras.<\/p>\n<p>Es frecuente encontrar en los n\u00fameros de esos a\u00f1os proyectos exitosos y obras realizadas en todo el pa\u00eds, producto esto de la colaboraci\u00f3n de los profesionales que tomaron parte en ellas y que gustosamente se prestaban a publicar en \u00daNICA.<\/p>\n<p>A este acompa\u00f1amiento de la actividad empresaria se agrega la difusi\u00f3n del accionar gremial de la Asociaci\u00f3n que la revista se encargar\u00eda de difundir y de alentar desde sus p\u00e1ginas rese\u00f1ando el pensamiento de los dirigentes.<\/p>\n<p>Es \u00daNICA, a trav\u00e9s de su dilatada trayectoria, una muestra fehaciente de esta larga etapa de realizaciones que culminar\u00eda en 1992, cuando el Gobierno Nacional decide privatizar las empresas estatales quedando los servicios y la ingenier\u00eda a cargo de una multiplicidad de empresas privadas, que coexisten con algunas otras en v\u00edas de privatizaci\u00f3n siguiendo el modelo imperante.<\/p>\n<p>La tem\u00e1tica que durante tanto tiempo acompa\u00f1\u00f3 a la revista sufre con estos cambios una alteraci\u00f3n sustancial, ya que var\u00eda el destinatario de la misma.<\/p>\n<p>Sus receptores eran profesionales que estaban arraigados a la cultura empresaria propia de una empresa estatal y de \u00e1mbito nacional ocupada del desarrollo arm\u00f3nico del pa\u00eds como finalidad esencia.<\/p>\n<p>Esos eran, para decirlo en la jerga period\u00edstica, lectores cautivos con una filosof\u00eda y un pensamiento determinado.<\/p>\n<p>Hoy, despu\u00e9s del proceso privatizador, han variado sus lectores que se distribuyen por igual en las distintas empresas, instituciones, universidades y estamentos pol\u00edticos y a\u00fan en profesionales independientes relacionados con el quehacer del sector el\u00e9ctrico.<\/p>\n<p>Por ese motivo \u00daNICA revis\u00f3 la tem\u00e1tica de sus contenidos, produciendo una apertura necesaria para captar a un lector distinto.<\/p>\n<p>Se incursiona as\u00ed por temas de gran diversidad, tales como aspectos de la globalizaci\u00f3n, la cultura empresaria, aspectos sociales, ecolog\u00eda, usos generales y particulares del agua y su problem\u00e1tica como recurso, la ingenier\u00eda en general y la aplicada al \u00e1mbito el\u00e9ctrico, la estad\u00edstica relacionada al sector, la actividad gremial en general, los problemas de empleo, la desocupaci\u00f3n de car\u00e1cter estructural y todo tema que pueda resultar de inter\u00e9s de sus lectores quienes han aumentado considerablemente y han tenido la deferencia de interesarse en ella y de expresar la aceptaci\u00f3n del contenido de la misma.<\/p>\n<p>Sintetizando, podr\u00edamos decir que \u00daNICA trata de recrear a trav\u00e9s de su tem\u00e1tica, la necesidad de lograr una sociedad m\u00e1s justa y solidaria, que tenga como centro de su inter\u00e9s al hombre y no meramente objetivos de car\u00e1cter material. En esta \u00edmproba tarea en plena realizaci\u00f3n, la revista encuentra la colaboraci\u00f3n de muchos profesionales que publican en ella, creemos que consustanciados con los valores que la misma transmite, que no son otros que los que propicia la Asociaci\u00f3n a la que pertenece.<\/p>\n<p>Su publicaci\u00f3n es cuatrimestral, siendo su distribuci\u00f3n institucional de gran importancia, puesto que alcanza a todas las regiones del pa\u00eds por medio de las Seccionales que conforman la Asociaci\u00f3n.<\/p>\n<\/div>\n","protected":false},"excerpt":{"rendered":"<p>REVISTA DE LA ASOCIACI\u00d3N DE PROFESIONALES UNIVERSITARIOS DEL AGUA Y LA ENERG\u00cdA EL\u00c9CTRICA La Revista \u00daNICA es el \u00f3rgano de difusi\u00f3n de APUAYE, que refleja desde sus comienzos la vida institucional y los objetivos de la Entidad. El primer n\u00famero de \u00daNICA aparece en julio de 1974. Su primer director fue el Dr. Guillermo Scartascini. [&hellip;]<\/p>\n","protected":false},"author":1,"featured_media":0,"parent":0,"menu_order":0,"comment_status":"closed","ping_status":"closed","template":"","meta":{"_genesis_hide_title":false,"_genesis_hide_breadcrumbs":false,"_genesis_hide_singular_image":false,"_genesis_hide_footer_widgets":false,"_genesis_custom_body_class":"inner_page revistaunica","_genesis_custom_post_class":"inner_post","_genesis_layout":"full-width-content","footnotes":""},"class_list":{"0":"post-1495","1":"page","2":"type-page","3":"status-publish","5":"entry","6":"inner_post"},"_links":{"self":[{"href":"https:\/\/www.apuaye.org.ar\/web\/wp-json\/wp\/v2\/pages\/1495","targetHints":{"allow":["GET"]}}],"collection":[{"href":"https:\/\/www.apuaye.org.ar\/web\/wp-json\/wp\/v2\/pages"}],"about":[{"href":"https:\/\/www.apuaye.org.ar\/web\/wp-json\/wp\/v2\/types\/page"}],"author":[{"embeddable":true,"href":"https:\/\/www.apuaye.org.ar\/web\/wp-json\/wp\/v2\/users\/1"}],"replies":[{"embeddable":true,"href":"https:\/\/www.apuaye.org.ar\/web\/wp-json\/wp\/v2\/comments?post=1495"}],"version-history":[{"count":1,"href":"https:\/\/www.apuaye.org.ar\/web\/wp-json\/wp\/v2\/pages\/1495\/revisions"}],"predecessor-version":[{"id":1496,"href":"https:\/\/www.apuaye.org.ar\/web\/wp-json\/wp\/v2\/pages\/1495\/revisions\/1496"}],"wp:attachment":[{"href":"https:\/\/www.apuaye.org.ar\/web\/wp-json\/wp\/v2\/media?parent=1495"}],"curies":[{"name":"wp","href":"https:\/\/api.w.org\/{rel}","templated":true}]}}